{"id":6386,"date":"2020-03-05T16:22:43","date_gmt":"2020-03-05T16:22:43","guid":{"rendered":"https:\/\/clickont.ftsnet.it\/referencez\/"},"modified":"2022-05-12T11:48:05","modified_gmt":"2022-05-12T09:48:05","slug":"referencez","status":"publish","type":"page","link":"https:\/\/clickont.ftsnet.it\/ro\/referencez\/","title":{"rendered":"Referinte"},"content":{"rendered":"<p>[vc_row][vc_column][vc_empty_space height=&#8221;100px&#8221;][vc_column_text]<\/p>\n<h2>Referin\u021be institu\u021bionale<\/h2>\n<p><strong><a href=\"https:\/\/climate-adapt.eea.europa.eu\/\">&gt; European Climate Adaptation Platform Climate-ADAPT<\/a><\/strong><br \/>\n&gt; Platforma european\u0103 de adaptare la clim\u0103 Climate-ADAPT<\/p>\n<p>Platforma european\u0103 de adaptare la clim\u0103 Climate-ADAPT este un parteneriat \u00eentre Comisia European\u0103 \u0219i Agen\u021bia European\u0103 de Mediu (AEE). Climate-ADAPT este gestionat de AEE cu sprijinul Centrului Tematic European privind Impactul, Vulnerabilitatea \u0219i Adaptarea la Schimb\u0103rile Climatice (ETC\/CCA).<br \/>\nClimate-ADAPT \u00ee\u0219i propune s\u0103 sprijine Europa \u00een adaptarea la schimb\u0103rile climatice, ajut\u00e2nd utilizatorii s\u0103 acceseze \u0219i s\u0103 partajeze date \u0219i informa\u021bii despre:<br \/>\n&#8211; Prognoza schimb\u0103rilor climatice \u00een Europa<br \/>\n&#8211; Vulnerabilit\u0103\u021bile actuale \u0219i viitoare ale regiunilor \u0219i sectoarelor<br \/>\n&#8211; Strategii \u0219i ac\u021biuni na\u021bionale, na\u021bionale \u0219i transna\u021bionale de adaptare<br \/>\n&#8211; Studiu de caz privind adaptarea \u0219i posibilele op\u021biuni de adaptare<br \/>\n&#8211; Instrumente care sprijin\u0103 planificarea adapt\u0103rii<br \/>\n&#8211; Climate-ADAPT organizeaz\u0103 informa\u021bii la urm\u0103toarele puncte principale de intrare:<br \/>\n&#8211; Politica UE: politica de adaptare a UE, adaptarea \u00een domeniile de politic\u0103 ale UE (agricultur\u0103, biodiversitate, zone de coast\u0103, silvicultur\u0103, ap\u0103, management marin \u0219i pescuit, abord\u0103ri bazate pe ecosistem, reducerea riscului de dezastre, cl\u0103diri, energie, transport, s\u0103n\u0103tate, urban), Politica regional\u0103 a UE, \u021b\u0103ri, regiuni transna\u021bionale, ora\u0219e<br \/>\n&#8211; Cuno\u0219tin\u021be: subiecte, date \u0219i indicatori, proiecte de cercetare, instrumente, practic\u0103, re\u021bele<br \/>\nPlatforma include o baz\u0103 de date care con\u021bine informa\u021bii de calitate verificate care pot fi c\u0103utate cu u\u0219urin\u021b\u0103.<\/p>\n<p><strong><a href=\"http:\/\/ec.europa.eu\/clima\/about-us\/mission_en\">&gt; European Commission Directorate-General for Climate Action (DG CLIMA)<\/a><\/strong><\/p>\n<p>&gt; Direc\u021bia General\u0103 pentru Ac\u021biune Climatic\u0103 a Comisiei Europene (DG CLIMA)<\/p>\n<p>Direc\u021bia General\u0103 pentru Ac\u021biune Climatic\u0103 (\u201eDG CLIMA\u201d) a fost \u00eenfiin\u021bat\u0103 \u00een februarie 2010, schimb\u0103rile climatice fiind anterior incluse \u00een competen\u021ba DG Mediu a Comisiei Europene. Conduce negocieri interna\u021bionale privind schimb\u0103rile climatice, ajut\u0103 UE s\u0103 abordeze consecin\u021bele schimb\u0103rilor climatice \u0219i s\u0103-\u0219i ating\u0103 obiectivele pentru 2020. \u00ee\u0219i propune s\u0103 fac\u0103 din adaptarea la schimb\u0103rile climatice o prioritate a tuturor politicilor la nivelul UE \u0219i coordoneaz\u0103 adaptarea politicilor UE.<br \/>\n\u00cen aprilie 2013, Comisia European\u0103 a adoptat strategia UE privind adaptarea la schimb\u0103rile climatice, care a fost salutat\u0103 de statele membre ale UE. Strategia urm\u0103re\u0219te s\u0103 fac\u0103 Europa mai rezistent\u0103 la clim\u0103. Prin adoptarea unei abord\u0103ri coerente \u0219i asigurarea unei coordon\u0103ri mai bune, va \u00eembun\u0103t\u0103\u021bi preg\u0103tirea \u0219i capacitatea tuturor nivelurilor de guvernare de a r\u0103spunde la impactul schimb\u0103rilor climatice.<br \/>\nDG CLIMA coordoneaz\u0103 activitatea privind adaptarea la clim\u0103.<\/p>\n<p><strong><a href=\"http:\/\/www.ipcc.ch\/\">&gt; Intergovernmental Panel on Climate Change (IPCC)<\/a><\/strong><\/p>\n<p>&gt; Panelul Interguvernamental pentru Schimb\u0103ri Climatice (IPCC)<\/p>\n<p>Grupul Interguvernamental pentru Schimb\u0103ri Climatice (IPCC) a fost \u00eenfiin\u021bat \u00een 1988 de Organiza\u021bia Meteorologic\u0103 Mondial\u0103 (OMM) \u0219i Programul Na\u021biunilor Unite pentru Mediu (UNEP) pentru a oferi factorilor de decizie politic\u0103 evalu\u0103ri periodice ale \u0219tiin\u021bei din spatele schimb\u0103rilor climatice, impactul acesteia \u0219i riscurile viitoare, \u0219i op\u021biuni pentru adaptare \u0219i atenuare. IPCC ofer\u0103 contribu\u021bii \u0219tiin\u021bifice \u0219i tehnice pentru implementarea Conven\u021biei-cadru privind schimb\u0103rile climatice (UNFCCC).<br \/>\nRapoartele sunt grupate \u00een trei grupuri de lucru &#8211; Grupa de lucru I: baza \u0219tiin\u021belor fizice; Grupul de lucru II: Impacturi, Adaptare \u0219i Vulnerabilitate; \u0219i Grupul de lucru III: Atenuarea schimb\u0103rilor climatice &#8211; \u0219i Grupul de lucru pentru inventarele na\u021bionale de gaze cu efect de ser\u0103 (TFI). \u00cen cadrul IPCC, un grup de activit\u0103\u021bi privind suportul de date \u0219i scenarii pentru analiza de impact \u0219i climat (TGI).<\/p>\n<p><strong><a href=\"http:\/\/unfccc.int\/adaptation\/items\/4159.php\">&gt; United Nations Framework Convention on Climate Change (UNFCCC)<\/a><\/strong><\/p>\n<p>&gt; Conven\u021bia-cadru a Na\u021biunilor Unite privind schimb\u0103rile climatice (UNFCCC)<\/p>\n<p>\u00cen 1992, \u021b\u0103rile s-au al\u0103turat unui tratat interna\u021bional, Conven\u021bia-cadru a Na\u021biunilor Unite asupra schimb\u0103rilor climatice (UNFCCC), pentru a analiza \u00een cooperare ce ar putea face pentru a limita cre\u0219terea medie a temperaturii globale \u0219i schimb\u0103rile climatice care rezult\u0103 \u0219i pentru a face fa\u021b\u0103 oric\u0103rui impact, la acel moment, inevitabil. . Prevenirea interferen\u021belor umane \u201epericuloase\u201d cu sistemul climatic este scopul final al UNFCCC. UNFCCC a intrat \u00een vigoare la 21 martie 1994. Ast\u0103zi are calitatea de membru aproape universal. Cele 195 de \u021b\u0103ri care au ratificat conven\u021bia sunt denumite p\u0103r\u021bi la conven\u021bie. Site-ul oficial al UNFCCC accept\u0103 prevederi pentru \u00eent\u00e2lnirile organizate \u00een temeiul Conven\u021biei-cadru privind schimb\u0103rile climatice. Acesta urm\u0103re\u0219te s\u0103 transmit\u0103 documente \u0219i rapoarte oficiale \u0219i s\u0103 asiste p\u0103r\u021bile \u00een comunicarea altor informa\u021bii referitoare la conven\u021bie.<br \/>\nPaginile web ale UNFCCC despre adaptare eviden\u021biaz\u0103 gama de probleme pe care p\u0103r\u021bile le abordeaz\u0103 \u00een cadrul diferitelor organe ale Conven\u021biei, inclusiv:<br \/>\nCadrul de adaptare de la Cancun, care a rezultat \u00een urma negocierilor privind ac\u021biunile de adaptare \u00eembun\u0103t\u0103\u021bite \u00een cadrul Planului de ac\u021biune de la Bali \u00een cadrul Grupului de lucru ad-hoc pentru ac\u021biunea de cooperare pe termen lung \u00een temeiul Conven\u021biei[\/vc_column_text][\/vc_column][\/vc_row]<\/p>\n<div class=\"clearfix\"><\/div>","protected":false},"excerpt":{"rendered":"<p>[vc_row][vc_column][vc_empty_space height=&#8221;100px&#8221;][vc_column_text] Referin\u021be institu\u021bionale &gt; European Climate Adaptation Platform Climate-ADAPT &gt; Platforma european\u0103 de adaptare la clim\u0103 Climate-ADAPT Platforma european\u0103 de adaptare la clim\u0103 Climate-ADAPT este un parteneriat \u00eentre Comisia European\u0103 \u0219i Agen\u021bia European\u0103 de Mediu (AEE). Climate-ADAPT este gestionat de AEE cu sprijinul Centrului&#8230;<\/p>\n","protected":false},"author":6,"featured_media":4502,"parent":0,"menu_order":0,"comment_status":"closed","ping_status":"closed","template":"","meta":[],"acf":[],"yoast_head":"<!-- This site is optimized with the Yoast SEO plugin v18.4.1 - https:\/\/yoast.com\/wordpress\/plugins\/seo\/ -->\n<title>Referinte - CliCK on T<\/title>\n<meta name=\"robots\" content=\"index, follow, max-snippet:-1, max-image-preview:large, max-video-preview:-1\" \/>\n<link rel=\"canonical\" href=\"https:\/\/clickont.ftsnet.it\/ro\/referencez\/\" \/>\n<meta property=\"og:locale\" content=\"ro_RO\" \/>\n<meta property=\"og:type\" content=\"article\" \/>\n<meta property=\"og:title\" content=\"Referinte - CliCK on T\" \/>\n<meta property=\"og:description\" content=\"[vc_row][vc_column][vc_empty_space height=&#8221;100px&#8221;][vc_column_text] Referin\u021be institu\u021bionale &gt; European Climate Adaptation Platform Climate-ADAPT &gt; Platforma european\u0103 de adaptare la clim\u0103 Climate-ADAPT Platforma european\u0103 de adaptare la clim\u0103 Climate-ADAPT este un parteneriat \u00eentre Comisia European\u0103 \u0219i Agen\u021bia European\u0103 de Mediu (AEE). Climate-ADAPT este gestionat de AEE cu sprijinul Centrului...\" \/>\n<meta property=\"og:url\" content=\"https:\/\/clickont.ftsnet.it\/ro\/referencez\/\" \/>\n<meta property=\"og:site_name\" content=\"CliCK on T\" \/>\n<meta property=\"article:modified_time\" content=\"2022-05-12T09:48:05+00:00\" \/>\n<meta property=\"og:image\" content=\"https:\/\/clickont.ftsnet.it\/wp-content\/uploads\/2020\/05\/Imm-x-References.jpg\" \/>\n\t<meta property=\"og:image:width\" content=\"266\" \/>\n\t<meta property=\"og:image:height\" content=\"266\" \/>\n\t<meta property=\"og:image:type\" content=\"image\/jpeg\" \/>\n<meta name=\"twitter:card\" content=\"summary_large_image\" \/>\n<meta name=\"twitter:label1\" content=\"Timp estimat pentru citire\" \/>\n\t<meta name=\"twitter:data1\" content=\"4 minute\" \/>\n<script type=\"application\/ld+json\" class=\"yoast-schema-graph\">{\"@context\":\"https:\/\/schema.org\",\"@graph\":[{\"@type\":\"WebSite\",\"@id\":\"https:\/\/clickont.ftsnet.it\/#website\",\"url\":\"https:\/\/clickont.ftsnet.it\/\",\"name\":\"CliCK on T\",\"description\":\"Climate Change Knowledge on Training\",\"potentialAction\":[{\"@type\":\"SearchAction\",\"target\":{\"@type\":\"EntryPoint\",\"urlTemplate\":\"https:\/\/clickont.ftsnet.it\/?s={search_term_string}\"},\"query-input\":\"required name=search_term_string\"}],\"inLanguage\":\"ro-RO\"},{\"@type\":\"ImageObject\",\"@id\":\"https:\/\/clickont.ftsnet.it\/ro\/referencez\/#primaryimage\",\"inLanguage\":\"ro-RO\",\"url\":\"https:\/\/clickont.ftsnet.it\/wp-content\/uploads\/2020\/05\/Imm-x-References.jpg\",\"contentUrl\":\"https:\/\/clickont.ftsnet.it\/wp-content\/uploads\/2020\/05\/Imm-x-References.jpg\",\"width\":266,\"height\":266},{\"@type\":\"WebPage\",\"@id\":\"https:\/\/clickont.ftsnet.it\/ro\/referencez\/#webpage\",\"url\":\"https:\/\/clickont.ftsnet.it\/ro\/referencez\/\",\"name\":\"Referinte - CliCK on T\",\"isPartOf\":{\"@id\":\"https:\/\/clickont.ftsnet.it\/#website\"},\"primaryImageOfPage\":{\"@id\":\"https:\/\/clickont.ftsnet.it\/ro\/referencez\/#primaryimage\"},\"datePublished\":\"2020-03-05T16:22:43+00:00\",\"dateModified\":\"2022-05-12T09:48:05+00:00\",\"breadcrumb\":{\"@id\":\"https:\/\/clickont.ftsnet.it\/ro\/referencez\/#breadcrumb\"},\"inLanguage\":\"ro-RO\",\"potentialAction\":[{\"@type\":\"ReadAction\",\"target\":[\"https:\/\/clickont.ftsnet.it\/ro\/referencez\/\"]}]},{\"@type\":\"BreadcrumbList\",\"@id\":\"https:\/\/clickont.ftsnet.it\/ro\/referencez\/#breadcrumb\",\"itemListElement\":[{\"@type\":\"ListItem\",\"position\":1,\"name\":\"Home\",\"item\":\"https:\/\/clickont.ftsnet.it\/ro\/\"},{\"@type\":\"ListItem\",\"position\":2,\"name\":\"Referinte\"}]}]}<\/script>\n<!-- \/ Yoast SEO plugin. -->","yoast_head_json":{"title":"Referinte - CliCK on T","robots":{"index":"index","follow":"follow","max-snippet":"max-snippet:-1","max-image-preview":"max-image-preview:large","max-video-preview":"max-video-preview:-1"},"canonical":"https:\/\/clickont.ftsnet.it\/ro\/referencez\/","og_locale":"ro_RO","og_type":"article","og_title":"Referinte - CliCK on T","og_description":"[vc_row][vc_column][vc_empty_space height=&#8221;100px&#8221;][vc_column_text] Referin\u021be institu\u021bionale &gt; European Climate Adaptation Platform Climate-ADAPT &gt; Platforma european\u0103 de adaptare la clim\u0103 Climate-ADAPT Platforma european\u0103 de adaptare la clim\u0103 Climate-ADAPT este un parteneriat \u00eentre Comisia European\u0103 \u0219i Agen\u021bia European\u0103 de Mediu (AEE). Climate-ADAPT este gestionat de AEE cu sprijinul Centrului...","og_url":"https:\/\/clickont.ftsnet.it\/ro\/referencez\/","og_site_name":"CliCK on T","article_modified_time":"2022-05-12T09:48:05+00:00","og_image":[{"width":266,"height":266,"url":"https:\/\/clickont.ftsnet.it\/wp-content\/uploads\/2020\/05\/Imm-x-References.jpg","type":"image\/jpeg"}],"twitter_card":"summary_large_image","twitter_misc":{"Timp estimat pentru citire":"4 minute"},"schema":{"@context":"https:\/\/schema.org","@graph":[{"@type":"WebSite","@id":"https:\/\/clickont.ftsnet.it\/#website","url":"https:\/\/clickont.ftsnet.it\/","name":"CliCK on T","description":"Climate Change Knowledge on Training","potentialAction":[{"@type":"SearchAction","target":{"@type":"EntryPoint","urlTemplate":"https:\/\/clickont.ftsnet.it\/?s={search_term_string}"},"query-input":"required name=search_term_string"}],"inLanguage":"ro-RO"},{"@type":"ImageObject","@id":"https:\/\/clickont.ftsnet.it\/ro\/referencez\/#primaryimage","inLanguage":"ro-RO","url":"https:\/\/clickont.ftsnet.it\/wp-content\/uploads\/2020\/05\/Imm-x-References.jpg","contentUrl":"https:\/\/clickont.ftsnet.it\/wp-content\/uploads\/2020\/05\/Imm-x-References.jpg","width":266,"height":266},{"@type":"WebPage","@id":"https:\/\/clickont.ftsnet.it\/ro\/referencez\/#webpage","url":"https:\/\/clickont.ftsnet.it\/ro\/referencez\/","name":"Referinte - CliCK on T","isPartOf":{"@id":"https:\/\/clickont.ftsnet.it\/#website"},"primaryImageOfPage":{"@id":"https:\/\/clickont.ftsnet.it\/ro\/referencez\/#primaryimage"},"datePublished":"2020-03-05T16:22:43+00:00","dateModified":"2022-05-12T09:48:05+00:00","breadcrumb":{"@id":"https:\/\/clickont.ftsnet.it\/ro\/referencez\/#breadcrumb"},"inLanguage":"ro-RO","potentialAction":[{"@type":"ReadAction","target":["https:\/\/clickont.ftsnet.it\/ro\/referencez\/"]}]},{"@type":"BreadcrumbList","@id":"https:\/\/clickont.ftsnet.it\/ro\/referencez\/#breadcrumb","itemListElement":[{"@type":"ListItem","position":1,"name":"Home","item":"https:\/\/clickont.ftsnet.it\/ro\/"},{"@type":"ListItem","position":2,"name":"Referinte"}]}]}},"_links":{"self":[{"href":"https:\/\/clickont.ftsnet.it\/ro\/wp-json\/wp\/v2\/pages\/6386"}],"collection":[{"href":"https:\/\/clickont.ftsnet.it\/ro\/wp-json\/wp\/v2\/pages"}],"about":[{"href":"https:\/\/clickont.ftsnet.it\/ro\/wp-json\/wp\/v2\/types\/page"}],"author":[{"embeddable":true,"href":"https:\/\/clickont.ftsnet.it\/ro\/wp-json\/wp\/v2\/users\/6"}],"replies":[{"embeddable":true,"href":"https:\/\/clickont.ftsnet.it\/ro\/wp-json\/wp\/v2\/comments?post=6386"}],"version-history":[{"count":3,"href":"https:\/\/clickont.ftsnet.it\/ro\/wp-json\/wp\/v2\/pages\/6386\/revisions"}],"predecessor-version":[{"id":6389,"href":"https:\/\/clickont.ftsnet.it\/ro\/wp-json\/wp\/v2\/pages\/6386\/revisions\/6389"}],"wp:featuredmedia":[{"embeddable":true,"href":"https:\/\/clickont.ftsnet.it\/ro\/wp-json\/wp\/v2\/media\/4502"}],"wp:attachment":[{"href":"https:\/\/clickont.ftsnet.it\/ro\/wp-json\/wp\/v2\/media?parent=6386"}],"curies":[{"name":"wp","href":"https:\/\/api.w.org\/{rel}","templated":true}]}}